{"id":239,"date":"2011-01-14T14:59:10","date_gmt":"2011-01-14T13:59:10","guid":{"rendered":"http:\/\/cantasense.ch\/blog\/?page_id=239"},"modified":"2023-04-10T11:57:11","modified_gmt":"2023-04-10T09:57:11","slug":"geschichte","status":"publish","type":"page","link":"https:\/\/cantasense.ch\/blog\/chor\/geschichte\/","title":{"rendered":"Geschichte des Chores"},"content":{"rendered":"<p><strong>CantaSense \u2013 Senslerchor<\/strong><\/p>\n<p>(Priska Aeby, Tafers)<\/p>\n<p>Als der Kanton Freiburg 1981 seine 500 Jahre Zugeh\u00f6rigkeit zur Eidgenossenschaft feierte, f\u00fchrten S\u00e4ngerinnen und S\u00e4nger aus den sieben Bezirken Abb\u00e9 Pierre K\u00e4lins zweisprachiges Werk \u00abFreiburger Lande &#8211; Au pays de Fribourg\u00bb auf. Noch im gleichen Jahr gr\u00fcndeten Mitwirkende dieser Auff\u00fchrung den ersten deutschsprachigen Regionalchor, den \u00abSenslerchor\u00bb \u2013 seit 2002 \u00abCantaSense\u00bb &#8211; dem als erster Pr\u00e4sident Joseph Progin und als Dirigent Oswald Schneuwly w\u00e4hrend zehn Jahren vorstanden.<\/p>\n<p>Ziel des etwa vierzigk\u00f6pfigen Chores war, das freiburgische, schweizerische und europ\u00e4ische Volksliedgut zu pflegen; aber auch Chorwerke aus der klassischen Musikrichtung sowie Auftragskompositionen sollten ins Repertoire aufgenommen werden.<\/p>\n<p>Als Regionalchor trat der Senslerchor &#8211; CantaSense &#8211; an verschiedenen kantonalen Anl\u00e4ssen als Vertreter der deutschsprachigen Kantonsteile auf: so anl\u00e4sslich der 100-Jahr-Feier der Universit\u00e4t, an den 150-Jahr-Feierlichkeiten des Sensebezirks, an den Anl\u00e4ssen im Mundartjahr und an den Erinnerungskonzerten f\u00fcr Georges Aeby, Abb\u00e9 Bovet und Pierre K\u00e4lin sowie am 75-Jahre-Jubil\u00e4um des Deutschfreiburger Heimatkundevereins.<\/p>\n<p>Heute ist CantaSense an verschiedenen Orten des Bezirks zu h\u00f6ren, macht jenseits der Saane auf sich aufmerksam und konzertierte auch in Bern, Z\u00fcrich und im nahen Ausland. Seit den Anf\u00e4ngen ist sich der Chor treu geblieben: Ob unter dem Gr\u00fcnderdirigenten Oswald Schneuwly\u00a0 oder seinen Nachfolgern Hubert Reidy, Peter Thoos, David A. Sansonnens, Bernhard Pfammatter und nun Marc-Antoine Emery: a cappella Werke, Kompositionen mit Orgel-, Klavier-, Orchester- und Bandbegleitung, Altbew\u00e4hrtes und moderne Auftragsst\u00fccke, harmonisch Ruhiges, jazzig Rhythmisches und ab und zu etwas modern Schr\u00e4ges, profane und sakrale Werke \u2013 je nach Chorleiter mehr oder weniger stark gewichtet &#8211; sind an den Konzerten zu h\u00f6ren.<\/p>\n<p>In gr\u00f6sseren Werken trat CantaSense bis heute mehrmals auch mit andern Ch\u00f6ren auf oder suchte die Unterst\u00fctzung von Projekts\u00e4ngerinnen und S\u00e4ngern.\u00a0 Haydns \u00abDie letzten sieben Worte\u00bb, Pierre Huwylers \u00abYpsiIon\u00bb, Bruckners \u00abA-moll Messe\u00bb, Ausz\u00fcge aus Georges Aebys \u00abDer helle Ton\u00bb, Haydns \u00abSch\u00f6pfung\u00bb, Mozarts \u00abRequiem\u00bb , Dvoraks \u00abStabat Mater\u00bb, Cavallis \u00abMissa concertata\u00bb, H\u00e4ndels \u00abAlexander\u2019s Feast\u00bb, Louis Spohrs \u00abDie letzten Dinge\u00bb, Mozarts \u00abWaisenhausmesse\u00bb, Carl Orffs \u00abCarmina Burana\u00bb und schliesslich Haydns &#8222;Mariazeller Messe&#8220; z\u00e4hlen zu den gr\u00f6sseren Auftritten des heute rund f\u00fcnfundvierzig Mitglieder z\u00e4hlenden Vereins.<\/p>\n<p>Ab Mai 2023 wird unter der Leitung von Marc-Antoine Emery geprobt.<\/p>\n<ul>\n<li>1981 &#8211; 1991 Oswald Schneuwly<\/li>\n<li>1992 &#8211; 1995 Hubert Reidy<\/li>\n<li>1995 &#8211; 2002 Peter Thoos<\/li>\n<li>2002 &#8211; 2006 David Th. Sansonnens<\/li>\n<li>2007 &#8211; 2023 Bernhard Pfammatter<\/li>\n<li>seit 2023 Marc-Antoine Emery<\/li>\n<\/ul>\n<h3>Pr\u00e4sidenten<\/h3>\n<ul>\n<li>1981 &#8211; 1991 Joseph Progin<\/li>\n<li>1991 &#8211; 2001 Gallus M\u00fcller<\/li>\n<li>2001 &#8211; 2011 Judith Schafer-Perler<\/li>\n<li>2011 &#8211; 2015 Heidi Forster Coudret<\/li>\n<li>2015 &#8211; 2018 Thomas Bally<\/li>\n<li>seit 2018 Doris Vonlanthen<\/li>\n<\/ul>\n","protected":false},"excerpt":{"rendered":"<p>CantaSense \u2013 Senslerchor (Priska Aeby, Tafers) Als der Kanton Freiburg 1981 seine 500 Jahre Zugeh\u00f6rigkeit zur Eidgenossenschaft feierte, f\u00fchrten S\u00e4ngerinnen und S\u00e4nger aus den sieben Bezirken Abb\u00e9 Pierre K\u00e4lins zweisprachiges Werk \u00abFreiburger Lande &#8211; Au pays de Fribourg\u00bb auf. Noch im gleichen Jahr gr\u00fcndeten Mitwirkende dieser Auff\u00fchrung den ersten deutschsprachigen Regionalchor, den \u00abSenslerchor\u00bb \u2013 seit [&hellip;]<\/p>\n","protected":false},"author":1,"featured_media":0,"parent":172,"menu_order":4,"comment_status":"closed","ping_status":"closed","template":"","meta":{"footnotes":""},"class_list":["post-239","page","type-page","status-publish","hentry"],"_links":{"self":[{"href":"https:\/\/cantasense.ch\/blog\/wp-json\/wp\/v2\/pages\/239","targetHints":{"allow":["GET"]}}],"collection":[{"href":"https:\/\/cantasense.ch\/blog\/wp-json\/wp\/v2\/pages"}],"about":[{"href":"https:\/\/cantasense.ch\/blog\/wp-json\/wp\/v2\/types\/page"}],"author":[{"embeddable":true,"href":"https:\/\/cantasense.ch\/blog\/wp-json\/wp\/v2\/users\/1"}],"replies":[{"embeddable":true,"href":"https:\/\/cantasense.ch\/blog\/wp-json\/wp\/v2\/comments?post=239"}],"version-history":[{"count":18,"href":"https:\/\/cantasense.ch\/blog\/wp-json\/wp\/v2\/pages\/239\/revisions"}],"predecessor-version":[{"id":7593,"href":"https:\/\/cantasense.ch\/blog\/wp-json\/wp\/v2\/pages\/239\/revisions\/7593"}],"up":[{"embeddable":true,"href":"https:\/\/cantasense.ch\/blog\/wp-json\/wp\/v2\/pages\/172"}],"wp:attachment":[{"href":"https:\/\/cantasense.ch\/blog\/wp-json\/wp\/v2\/media?parent=239"}],"curies":[{"name":"wp","href":"https:\/\/api.w.org\/{rel}","templated":true}]}}