{"id":226,"date":"2011-01-14T14:48:54","date_gmt":"2011-01-14T13:48:54","guid":{"rendered":"http:\/\/cantasense.ch\/blog\/?page_id=226"},"modified":"2026-02-14T16:37:28","modified_gmt":"2026-02-14T15:37:28","slug":"vereinsnachrichten","status":"publish","type":"page","link":"https:\/\/cantasense.ch\/blog\/chor\/vereinsnachrichten\/","title":{"rendered":"Vereinsnachrichten\/News"},"content":{"rendered":"<p>CantaSense gibt Ihnen Einblick ins Vereinsleben. Jedes Jahr im M\u00e4rz publiziert der Chor f\u00fcr seinen Freundeskreis seine News. Darin beschreiben und kommentieren einzelne Chormitglieder, vorab die Pr\u00e4sidentin und der Dirigent, Erfahrungen und Erlebnisse des vergangenen Jahres. Dazu geh\u00f6ren in erster Linie Konzerte, aber auch gesellige Anl\u00e4sse. Und selbstverst\u00e4ndlich wird darin jeweils auch der Weg in die Zukunft skizziert. Doch was in den News des einen Jahres als Zukunftsmusik angek\u00fcndigt wird, klingt im n\u00e4chsten bereits als Echo nach. Lesen Sie selber.<\/p>\n<p><a href=\"https:\/\/cantasense.ch\/blog\/wp-content\/uploads\/2026\/02\/Jahresbericht-2025.pdf\" target=\"_blank\" rel=\"noopener\">2025<\/a>, <a href=\"https:\/\/cantasense.ch\/blog\/wp-content\/uploads\/2023\/01\/Rueckblick-2022-und-VIP.pdf\" target=\"_blank\" rel=\"noopener\">2022<\/a>, <del>2021<\/del> (Corona), <a href=\"https:\/\/cantasense.ch\/blog\/wp-content\/uploads\/2020\/10\/Rueckblick-2020.pdf\">2020<\/a>, <a href=\"https:\/\/cantasense.ch\/blog\/wp-content\/uploads\/2020\/10\/Rueckblick-2019.pdf\">2019<\/a>, <a href=\"https:\/\/cantasense.ch\/blog\/wp-content\/uploads\/2020\/10\/Rueckblick-2018.pdf\">2018<\/a>, <a href=\"https:\/\/cantasense.ch\/blog\/wp-content\/uploads\/2020\/10\/News_2017.pdf\">2017<\/a>,\u00a0<a href=\"https:\/\/cantasense.ch\/blog\/wp-content\/uploads\/2011\/01\/News_2016.pdf\">2016<\/a>, <a href=\"https:\/\/cantasense.ch\/blog\/wp-content\/uploads\/2011\/01\/News-2015.pdf\">2015<\/a>,\u00a0<a href=\"https:\/\/cantasense.ch\/blog\/wp-content\/uploads\/2014\/09\/News_2014.pdf\">2013\/14<\/a>, <a title=\"News 2012\" href=\"https:\/\/cantasense.ch\/blog\/wp-content\/uploads\/2013\/12\/120502_cantasense_news.pdf\">2012<\/a>,\u00a0<a href=\"https:\/\/cantasense.ch\/blog\/wp-content\/uploads\/2011\/07\/2011_Vereinsnachrichten_-CantaSense.pdf\">2011<\/a>,\u00a0<a href=\"https:\/\/cantasense.ch\/blog\/wp-content\/uploads\/2011\/01\/news10.pdf\">2010<\/a>, <a href=\"https:\/\/cantasense.ch\/blog\/wp-content\/uploads\/2011\/01\/news09.pdf\">2009<\/a>, <a href=\"https:\/\/cantasense.ch\/blog\/wp-content\/uploads\/2011\/01\/news08.pdf\">2008<\/a>, <a href=\"https:\/\/cantasense.ch\/blog\/wp-content\/uploads\/2011\/01\/news07.pdf\">2007<\/a>, <a href=\"https:\/\/cantasense.ch\/blog\/wp-content\/uploads\/2011\/01\/news06.pdf\">2006<\/a>, <a href=\"https:\/\/cantasense.ch\/blog\/wp-content\/uploads\/2011\/01\/news05.pdf\">2005<\/a>, <a href=\"https:\/\/cantasense.ch\/blog\/wp-content\/uploads\/2011\/01\/news04.pdf\">2004<\/a><\/p>\n","protected":false},"excerpt":{"rendered":"<p>CantaSense gibt Ihnen Einblick ins Vereinsleben. Jedes Jahr im M\u00e4rz publiziert der Chor f\u00fcr seinen Freundeskreis seine News. Darin beschreiben und kommentieren einzelne Chormitglieder, vorab die Pr\u00e4sidentin und der Dirigent, Erfahrungen und Erlebnisse des vergangenen Jahres. Dazu geh\u00f6ren in erster Linie Konzerte, aber auch gesellige Anl\u00e4sse. Und selbstverst\u00e4ndlich wird darin jeweils auch der Weg in [&hellip;]<\/p>\n","protected":false},"author":1,"featured_media":0,"parent":172,"menu_order":6,"comment_status":"closed","ping_status":"closed","template":"","meta":{"footnotes":""},"class_list":["post-226","page","type-page","status-publish","hentry"],"_links":{"self":[{"href":"https:\/\/cantasense.ch\/blog\/wp-json\/wp\/v2\/pages\/226","targetHints":{"allow":["GET"]}}],"collection":[{"href":"https:\/\/cantasense.ch\/blog\/wp-json\/wp\/v2\/pages"}],"about":[{"href":"https:\/\/cantasense.ch\/blog\/wp-json\/wp\/v2\/types\/page"}],"author":[{"embeddable":true,"href":"https:\/\/cantasense.ch\/blog\/wp-json\/wp\/v2\/users\/1"}],"replies":[{"embeddable":true,"href":"https:\/\/cantasense.ch\/blog\/wp-json\/wp\/v2\/comments?post=226"}],"version-history":[{"count":22,"href":"https:\/\/cantasense.ch\/blog\/wp-json\/wp\/v2\/pages\/226\/revisions"}],"predecessor-version":[{"id":8608,"href":"https:\/\/cantasense.ch\/blog\/wp-json\/wp\/v2\/pages\/226\/revisions\/8608"}],"up":[{"embeddable":true,"href":"https:\/\/cantasense.ch\/blog\/wp-json\/wp\/v2\/pages\/172"}],"wp:attachment":[{"href":"https:\/\/cantasense.ch\/blog\/wp-json\/wp\/v2\/media?parent=226"}],"curies":[{"name":"wp","href":"https:\/\/api.w.org\/{rel}","templated":true}]}}